{"id":9796,"date":"2022-06-14T16:47:29","date_gmt":"2022-06-14T16:47:29","guid":{"rendered":"https:\/\/bandi.design\/media\/pers\/"},"modified":"2025-04-15T16:51:28","modified_gmt":"2025-04-15T16:51:28","slug":"pers","status":"publish","type":"page","link":"https:\/\/bandi.design\/nl\/media\/pers\/","title":{"rendered":"Pers"},"content":{"rendered":"\t\t<div data-elementor-type=\"wp-post\" data-elementor-id=\"9796\" class=\"elementor elementor-9796 elementor-86\" data-elementor-post-type=\"page\">\n\t\t\t\t<div class=\"has_eae_slider elementor-element elementor-element-7de8340 e-flex e-con-boxed e-con e-parent\" data-eae-slider=\"21876\" data-id=\"7de8340\" data-element_type=\"container\">\n\t\t\t\t\t<div class=\"e-con-inner\">\n\t\t<div class=\"has_eae_slider elementor-element elementor-element-28f04a0 e-con-full e-flex e-con e-child\" data-eae-slider=\"13234\" data-id=\"28f04a0\" data-element_type=\"container\">\n\t\t\t\t<div class=\"elementor-element elementor-element-ae99318 elementor-widget elementor-widget-heading\" data-id=\"ae99318\" data-element_type=\"widget\" data-widget_type=\"heading.default\">\n\t\t\t\t<div class=\"elementor-widget-container\">\n\t\t\t\t\t<h1 class=\"elementor-heading-title elementor-size-medium\">Pers<\/h1>\t\t\t\t<\/div>\n\t\t\t\t<\/div>\n\t\t\t\t<\/div>\n\t\t\t\t\t<\/div>\n\t\t\t\t<\/div>\n\t\t<div class=\"has_eae_slider elementor-element elementor-element-5c005f6 e-flex e-con-boxed e-con e-parent\" data-eae-slider=\"49402\" data-id=\"5c005f6\" data-element_type=\"container\">\n\t\t\t\t\t<div class=\"e-con-inner\">\n\t\t<div class=\"has_eae_slider elementor-element elementor-element-31e1d79 e-con-full e-flex e-con e-child\" data-eae-slider=\"51735\" data-id=\"31e1d79\" data-element_type=\"container\">\n\t\t\t\t<div class=\"elementor-element elementor-element-7efcb53 elementor-posts--align-left animated-slow elementor-grid-3 elementor-grid-tablet-2 elementor-grid-mobile-1 elementor-posts--thumbnail-top elementor-card-shadow-yes elementor-posts__hover-gradient elementor-invisible elementor-widget elementor-widget-posts\" data-id=\"7efcb53\" data-element_type=\"widget\" data-settings=\"{&quot;_animation&quot;:&quot;fadeIn&quot;,&quot;pagination_type&quot;:&quot;numbers_and_prev_next&quot;,&quot;cards_columns&quot;:&quot;3&quot;,&quot;cards_columns_tablet&quot;:&quot;2&quot;,&quot;cards_columns_mobile&quot;:&quot;1&quot;,&quot;cards_row_gap&quot;:{&quot;unit&quot;:&quot;px&quot;,&quot;size&quot;:35,&quot;sizes&quot;:[]},&quot;cards_row_gap_tablet&quot;:{&quot;unit&quot;:&quot;px&quot;,&quot;size&quot;:&quot;&quot;,&quot;sizes&quot;:[]},&quot;cards_row_gap_mobile&quot;:{&quot;unit&quot;:&quot;px&quot;,&quot;size&quot;:&quot;&quot;,&quot;sizes&quot;:[]}}\" data-widget_type=\"posts.cards\">\n\t\t\t\t<div class=\"elementor-widget-container\">\n\t\t\t\t\t\t\t<div class=\"elementor-posts-container elementor-posts elementor-posts--skin-cards elementor-grid\" role=\"list\">\n\t\t\t\t<article class=\"elementor-post elementor-grid-item post-19438 post type-post status-publish format-standard has-post-thumbnail hentry category-blog-nl\" role=\"listitem\">\n\t\t\t<div class=\"elementor-post__card\">\n\t\t\t\t<a class=\"elementor-post__thumbnail__link\" href=\"https:\/\/bandi.design\/nl\/een-lang-terras-ontwerpen-6-originele-ideeen\/\" tabindex=\"-1\" ><div class=\"elementor-post__thumbnail\"><img fetchpriority=\"high\" decoding=\"async\" width=\"768\" height=\"547\" src=\"https:\/\/bandi.design\/wp-content\/uploads\/2022\/12\/02-768x547.jpg\" class=\"attachment-medium_large size-medium_large wp-image-14208 wvs-archive-product-image\" alt=\"\" srcset=\"https:\/\/bandi.design\/wp-content\/uploads\/2022\/12\/02-768x547.jpg 768w, https:\/\/bandi.design\/wp-content\/uploads\/2022\/12\/02-300x214.jpg 300w, https:\/\/bandi.design\/wp-content\/uploads\/2022\/12\/02-1024x730.jpg 1024w, https:\/\/bandi.design\/wp-content\/uploads\/2022\/12\/02-1536x1095.jpg 1536w, https:\/\/bandi.design\/wp-content\/uploads\/2022\/12\/02-2048x1460.jpg 2048w, https:\/\/bandi.design\/wp-content\/uploads\/2022\/12\/02-600x428.jpg 600w\" sizes=\"(max-width: 768px) 100vw, 768px\" \/><\/div><\/a>\n\t\t\t\t<div class=\"elementor-post__badge\">BLOG<\/div>\n\t\t\t\t<div class=\"elementor-post__text\">\n\t\t\t\t<h3 class=\"elementor-post__title\">\n\t\t\t<a href=\"https:\/\/bandi.design\/nl\/een-lang-terras-ontwerpen-6-originele-ideeen\/\" >\n\t\t\t\tEen lang terras ontwerpen: 6 originele idee\u00ebn\t\t\t<\/a>\n\t\t<\/h3>\n\t\t\t\t<div class=\"elementor-post__excerpt\">\n\t\t\t<p>Weet je niet zeker hoe je het beste uit je lange terras kunt halen? Ontgrendel het volledige potentieel met 6 ingenieuze idee\u00ebn voor een uniek en stijlvol interieur.<\/p>\n\t\t<\/div>\n\t\t\n\t\t<a class=\"elementor-post__read-more\" href=\"https:\/\/bandi.design\/nl\/een-lang-terras-ontwerpen-6-originele-ideeen\/\" aria-label=\"Lees meer over Een lang terras ontwerpen: 6 originele idee\u00ebn\" tabindex=\"-1\" >\n\t\t\tLees meer \u00bb\t\t<\/a>\n\n\t\t\t\t<\/div>\n\t\t\t\t<div class=\"elementor-post__meta-data\">\n\t\t\t\t\t<span class=\"elementor-post-date\">\n\t\t\toktober 5, 2023\t\t<\/span>\n\t\t\t\t<\/div>\n\t\t\t\t\t<\/div>\n\t\t<\/article>\n\t\t\t\t<article class=\"elementor-post elementor-grid-item post-17173 post type-post status-publish format-standard has-post-thumbnail hentry category-blog-nl\" role=\"listitem\">\n\t\t\t<div class=\"elementor-post__card\">\n\t\t\t\t<a class=\"elementor-post__thumbnail__link\" href=\"https:\/\/bandi.design\/nl\/table-de-jardin-en-aluminium-pour-10-a-12-personnes-bandi\/\" tabindex=\"-1\" ><div class=\"elementor-post__thumbnail\"><img decoding=\"async\" width=\"768\" height=\"430\" src=\"https:\/\/bandi.design\/wp-content\/uploads\/2023\/05\/BANDI-Table-blanche-piscine-768x430.jpg\" class=\"attachment-medium_large size-medium_large wp-image-17178 wvs-archive-product-image\" alt=\"\" srcset=\"https:\/\/bandi.design\/wp-content\/uploads\/2023\/05\/BANDI-Table-blanche-piscine-768x430.jpg 768w, https:\/\/bandi.design\/wp-content\/uploads\/2023\/05\/BANDI-Table-blanche-piscine-300x168.jpg 300w, https:\/\/bandi.design\/wp-content\/uploads\/2023\/05\/BANDI-Table-blanche-piscine-1024x573.jpg 1024w, https:\/\/bandi.design\/wp-content\/uploads\/2023\/05\/BANDI-Table-blanche-piscine-600x336.jpg 600w, https:\/\/bandi.design\/wp-content\/uploads\/2023\/05\/BANDI-Table-blanche-piscine.jpg 1280w\" sizes=\"(max-width: 768px) 100vw, 768px\" \/><\/div><\/a>\n\t\t\t\t<div class=\"elementor-post__badge\">BLOG<\/div>\n\t\t\t\t<div class=\"elementor-post__text\">\n\t\t\t\t<h3 class=\"elementor-post__title\">\n\t\t\t<a href=\"https:\/\/bandi.design\/nl\/table-de-jardin-en-aluminium-pour-10-a-12-personnes-bandi\/\" >\n\t\t\t\tAluminium tuintafel voor 10 tot 12 personen | Bandi\t\t\t<\/a>\n\t\t<\/h3>\n\t\t\t\t<div class=\"elementor-post__excerpt\">\n\t\t\t<p>Ontdek de Bandi Design aluminium tuintafel, Belgisch XXL meubilair dat elegantie en stevigheid combineert. Cre\u00eber onvergetelijke buitenmomenten!<\/p>\n\t\t<\/div>\n\t\t\n\t\t<a class=\"elementor-post__read-more\" href=\"https:\/\/bandi.design\/nl\/table-de-jardin-en-aluminium-pour-10-a-12-personnes-bandi\/\" aria-label=\"Lees meer over Aluminium tuintafel voor 10 tot 12 personen | Bandi\" tabindex=\"-1\" >\n\t\t\tLees meer \u00bb\t\t<\/a>\n\n\t\t\t\t<\/div>\n\t\t\t\t<div class=\"elementor-post__meta-data\">\n\t\t\t\t\t<span class=\"elementor-post-date\">\n\t\t\tmei 1, 2023\t\t<\/span>\n\t\t\t\t<\/div>\n\t\t\t\t\t<\/div>\n\t\t<\/article>\n\t\t\t\t<article class=\"elementor-post elementor-grid-item post-15574 post type-post status-publish format-standard has-post-thumbnail hentry category-blog-nl\" role=\"listitem\">\n\t\t\t<div class=\"elementor-post__card\">\n\t\t\t\t<a class=\"elementor-post__thumbnail__link\" href=\"https:\/\/bandi.design\/nl\/comment-reussir-lamenagement-de-son-jardin-design\/\" tabindex=\"-1\" ><div class=\"elementor-post__thumbnail\"><img decoding=\"async\" width=\"768\" height=\"510\" src=\"https:\/\/bandi.design\/wp-content\/uploads\/2022\/04\/RAL_9010_Canape_290_ASH_Table_840_840-768x510.jpg\" class=\"attachment-medium_large size-medium_large wp-image-9356 wvs-archive-product-image\" alt=\"ral 9010 canape 290 ash table 840 840\" srcset=\"https:\/\/bandi.design\/wp-content\/uploads\/2022\/04\/RAL_9010_Canape_290_ASH_Table_840_840-768x510.jpg 768w, https:\/\/bandi.design\/wp-content\/uploads\/2022\/04\/RAL_9010_Canape_290_ASH_Table_840_840-300x199.jpg 300w, https:\/\/bandi.design\/wp-content\/uploads\/2022\/04\/RAL_9010_Canape_290_ASH_Table_840_840-1024x680.jpg 1024w, https:\/\/bandi.design\/wp-content\/uploads\/2022\/04\/RAL_9010_Canape_290_ASH_Table_840_840-600x398.jpg 600w, https:\/\/bandi.design\/wp-content\/uploads\/2022\/04\/RAL_9010_Canape_290_ASH_Table_840_840.jpg 1280w\" sizes=\"(max-width: 768px) 100vw, 768px\" \/><\/div><\/a>\n\t\t\t\t<div class=\"elementor-post__badge\">BLOG<\/div>\n\t\t\t\t<div class=\"elementor-post__text\">\n\t\t\t\t<h3 class=\"elementor-post__title\">\n\t\t\t<a href=\"https:\/\/bandi.design\/nl\/comment-reussir-lamenagement-de-son-jardin-design\/\" >\n\t\t\t\tHoe cre\u00eber je een succesvolle designtuin?\t\t\t<\/a>\n\t\t<\/h3>\n\t\t\t\t<div class=\"elementor-post__excerpt\">\n\t\t\t<p>Advies over hoe je een designtuin cre\u00ebert met innovatieve en originele idee\u00ebn en tips over hoe je het hele jaar door het beste uit deze buitenruimte haalt.<\/p>\n\t\t<\/div>\n\t\t\n\t\t<a class=\"elementor-post__read-more\" href=\"https:\/\/bandi.design\/nl\/comment-reussir-lamenagement-de-son-jardin-design\/\" aria-label=\"Lees meer over Hoe cre\u00eber je een succesvolle designtuin?\" tabindex=\"-1\" >\n\t\t\tLees meer \u00bb\t\t<\/a>\n\n\t\t\t\t<\/div>\n\t\t\t\t<div class=\"elementor-post__meta-data\">\n\t\t\t\t\t<span class=\"elementor-post-date\">\n\t\t\tmaart 25, 2023\t\t<\/span>\n\t\t\t\t<\/div>\n\t\t\t\t\t<\/div>\n\t\t<\/article>\n\t\t\t\t<article class=\"elementor-post elementor-grid-item post-10233 post type-post status-publish format-standard has-post-thumbnail hentry category-deco-idees-nl\" role=\"listitem\">\n\t\t\t<div class=\"elementor-post__card\">\n\t\t\t\t<a class=\"elementor-post__thumbnail__link\" href=\"https:\/\/bandi.design\/nl\/du-mobilier-pour-vivre-dehors-comme-dedans\/\" tabindex=\"-1\" ><div class=\"elementor-post__thumbnail\"><img loading=\"lazy\" decoding=\"async\" width=\"768\" height=\"576\" src=\"https:\/\/bandi.design\/wp-content\/uploads\/2018\/12\/20170916_114419-2-768x576.jpg\" class=\"attachment-medium_large size-medium_large wp-image-8074 wvs-archive-product-image\" alt=\"\" srcset=\"https:\/\/bandi.design\/wp-content\/uploads\/2018\/12\/20170916_114419-2-768x576.jpg 768w, https:\/\/bandi.design\/wp-content\/uploads\/2018\/12\/20170916_114419-2-600x450.jpg 600w, https:\/\/bandi.design\/wp-content\/uploads\/2018\/12\/20170916_114419-2-300x225.jpg 300w, https:\/\/bandi.design\/wp-content\/uploads\/2018\/12\/20170916_114419-2-1024x768.jpg 1024w, https:\/\/bandi.design\/wp-content\/uploads\/2018\/12\/20170916_114419-2.jpg 1280w\" sizes=\"(max-width: 768px) 100vw, 768px\" \/><\/div><\/a>\n\t\t\t\t<div class=\"elementor-post__badge\">D\u00e9co Id\u00e9es<\/div>\n\t\t\t\t<div class=\"elementor-post__text\">\n\t\t\t\t<h3 class=\"elementor-post__title\">\n\t\t\t<a href=\"https:\/\/bandi.design\/nl\/du-mobilier-pour-vivre-dehors-comme-dedans\/\" >\n\t\t\t\tDu mobilier pour vivre dehors comme dedans\t\t\t<\/a>\n\t\t<\/h3>\n\t\t\t\t<div class=\"elementor-post__excerpt\">\n\t\t\t<p>Imagin\u00e9e en 2015 par Thomas Crucifix et Olivier Colette, cette marque 100% wallonne est n\u00e9e en raison d&#8217;un manque: Thomas ne trouvait pas le banc qui lui convenait sur le march\u00e9.<\/p>\n\t\t<\/div>\n\t\t\n\t\t<a class=\"elementor-post__read-more\" href=\"https:\/\/bandi.design\/nl\/du-mobilier-pour-vivre-dehors-comme-dedans\/\" aria-label=\"Lees meer over Du mobilier pour vivre dehors comme dedans\" tabindex=\"-1\" >\n\t\t\tLees meer \u00bb\t\t<\/a>\n\n\t\t\t\t<\/div>\n\t\t\t\t<div class=\"elementor-post__meta-data\">\n\t\t\t\t\t<span class=\"elementor-post-date\">\n\t\t\tjuni 29, 2022\t\t<\/span>\n\t\t\t\t<\/div>\n\t\t\t\t\t<\/div>\n\t\t<\/article>\n\t\t\t\t<article class=\"elementor-post elementor-grid-item post-10231 post type-post status-publish format-standard has-post-thumbnail hentry category-le-vif-nl\" role=\"listitem\">\n\t\t\t<div class=\"elementor-post__card\">\n\t\t\t\t<a class=\"elementor-post__thumbnail__link\" href=\"https:\/\/bandi.design\/nl\/made-in-wallonie\/\" tabindex=\"-1\" ><div class=\"elementor-post__thumbnail\"><img loading=\"lazy\" decoding=\"async\" width=\"768\" height=\"510\" src=\"https:\/\/bandi.design\/wp-content\/uploads\/2018\/12\/Photo-7-2-768x510.jpg\" class=\"attachment-medium_large size-medium_large wp-image-8072 wvs-archive-product-image\" alt=\"\" srcset=\"https:\/\/bandi.design\/wp-content\/uploads\/2018\/12\/Photo-7-2-768x510.jpg 768w, https:\/\/bandi.design\/wp-content\/uploads\/2018\/12\/Photo-7-2-600x398.jpg 600w, https:\/\/bandi.design\/wp-content\/uploads\/2018\/12\/Photo-7-2-300x199.jpg 300w, https:\/\/bandi.design\/wp-content\/uploads\/2018\/12\/Photo-7-2-1024x680.jpg 1024w, https:\/\/bandi.design\/wp-content\/uploads\/2018\/12\/Photo-7-2.jpg 1280w\" sizes=\"(max-width: 768px) 100vw, 768px\" \/><\/div><\/a>\n\t\t\t\t<div class=\"elementor-post__badge\">Le Vif<\/div>\n\t\t\t\t<div class=\"elementor-post__text\">\n\t\t\t\t<h3 class=\"elementor-post__title\">\n\t\t\t<a href=\"https:\/\/bandi.design\/nl\/made-in-wallonie\/\" >\n\t\t\t\tMade in Wallonie\t\t\t<\/a>\n\t\t<\/h3>\n\t\t\t\t<div class=\"elementor-post__excerpt\">\n\t\t\t<p>N\u00e9 en 2015 suite \u00e0 une collaboration entre deux cousins, Bandi fa\u00e7onne du mobilier 100% made in Wallonie.<\/p>\n\t\t<\/div>\n\t\t\n\t\t<a class=\"elementor-post__read-more\" href=\"https:\/\/bandi.design\/nl\/made-in-wallonie\/\" aria-label=\"Lees meer over Made in Wallonie\" tabindex=\"-1\" >\n\t\t\tLees meer \u00bb\t\t<\/a>\n\n\t\t\t\t<\/div>\n\t\t\t\t<div class=\"elementor-post__meta-data\">\n\t\t\t\t\t<span class=\"elementor-post-date\">\n\t\t\tjuni 29, 2022\t\t<\/span>\n\t\t\t\t<\/div>\n\t\t\t\t\t<\/div>\n\t\t<\/article>\n\t\t\t\t<article class=\"elementor-post elementor-grid-item post-10229 post type-post status-publish format-standard has-post-thumbnail hentry category-le-soir-nl\" role=\"listitem\">\n\t\t\t<div class=\"elementor-post__card\">\n\t\t\t\t<a class=\"elementor-post__thumbnail__link\" href=\"https:\/\/bandi.design\/nl\/bandi-le-mobilier-contemporain-100-made-in-wallonie\/\" tabindex=\"-1\" ><div class=\"elementor-post__thumbnail\"><img loading=\"lazy\" decoding=\"async\" width=\"768\" height=\"336\" src=\"https:\/\/bandi.design\/wp-content\/uploads\/2018\/12\/bandi5-768x336.jpg\" class=\"attachment-medium_large size-medium_large wp-image-8068 wvs-archive-product-image\" alt=\"\" srcset=\"https:\/\/bandi.design\/wp-content\/uploads\/2018\/12\/bandi5-768x336.jpg 768w, https:\/\/bandi.design\/wp-content\/uploads\/2018\/12\/bandi5-600x263.jpg 600w, https:\/\/bandi.design\/wp-content\/uploads\/2018\/12\/bandi5-300x131.jpg 300w, https:\/\/bandi.design\/wp-content\/uploads\/2018\/12\/bandi5-1024x449.jpg 1024w, https:\/\/bandi.design\/wp-content\/uploads\/2018\/12\/bandi5.jpg 1050w\" sizes=\"(max-width: 768px) 100vw, 768px\" \/><\/div><\/a>\n\t\t\t\t<div class=\"elementor-post__badge\">Le Soir<\/div>\n\t\t\t\t<div class=\"elementor-post__text\">\n\t\t\t\t<h3 class=\"elementor-post__title\">\n\t\t\t<a href=\"https:\/\/bandi.design\/nl\/bandi-le-mobilier-contemporain-100-made-in-wallonie\/\" >\n\t\t\t\tBandi : le mobilier contemporain 100% made in Wallonie\t\t\t<\/a>\n\t\t<\/h3>\n\t\t\t\t<div class=\"elementor-post__excerpt\">\n\t\t\t<p>Cr\u00e9er des pi\u00e8ces de mobilier \u00e9labor\u00e9es et produites en Wallonie : un pari relev\u00e9 (et r\u00e9ussi) par le duo li\u00e9geois \u00e0 l\u2019origine du label Bandi.<\/p>\n\t\t<\/div>\n\t\t\n\t\t<a class=\"elementor-post__read-more\" href=\"https:\/\/bandi.design\/nl\/bandi-le-mobilier-contemporain-100-made-in-wallonie\/\" aria-label=\"Lees meer over Bandi : le mobilier contemporain 100% made in Wallonie\" tabindex=\"-1\" >\n\t\t\tLees meer \u00bb\t\t<\/a>\n\n\t\t\t\t<\/div>\n\t\t\t\t<div class=\"elementor-post__meta-data\">\n\t\t\t\t\t<span class=\"elementor-post-date\">\n\t\t\tjuni 29, 2022\t\t<\/span>\n\t\t\t\t<\/div>\n\t\t\t\t\t<\/div>\n\t\t<\/article>\n\t\t\t\t<article class=\"elementor-post elementor-grid-item post-10227 post type-post status-publish format-standard has-post-thumbnail hentry category-lavenir-nl\" role=\"listitem\">\n\t\t\t<div class=\"elementor-post__card\">\n\t\t\t\t<a class=\"elementor-post__thumbnail__link\" href=\"https:\/\/bandi.design\/nl\/condroz-bandi-le-mobilier-design-100-belge\/\" tabindex=\"-1\" ><div class=\"elementor-post__thumbnail\"><img loading=\"lazy\" decoding=\"async\" width=\"768\" height=\"512\" src=\"https:\/\/bandi.design\/wp-content\/uploads\/2018\/12\/IMG_6186-768x512.jpg\" class=\"attachment-medium_large size-medium_large wp-image-7908 wvs-archive-product-image\" alt=\"\" srcset=\"https:\/\/bandi.design\/wp-content\/uploads\/2018\/12\/IMG_6186-768x512.jpg 768w, https:\/\/bandi.design\/wp-content\/uploads\/2018\/12\/IMG_6186-600x400.jpg 600w, https:\/\/bandi.design\/wp-content\/uploads\/2018\/12\/IMG_6186-300x200.jpg 300w, https:\/\/bandi.design\/wp-content\/uploads\/2018\/12\/IMG_6186-1024x683.jpg 1024w\" sizes=\"(max-width: 768px) 100vw, 768px\" \/><\/div><\/a>\n\t\t\t\t<div class=\"elementor-post__badge\">L&#039;avenir<\/div>\n\t\t\t\t<div class=\"elementor-post__text\">\n\t\t\t\t<h3 class=\"elementor-post__title\">\n\t\t\t<a href=\"https:\/\/bandi.design\/nl\/condroz-bandi-le-mobilier-design-100-belge\/\" >\n\t\t\t\tCondroz: Bandi, le mobilier design 100% belge\t\t\t<\/a>\n\t\t<\/h3>\n\t\t\t\t<div class=\"elementor-post__excerpt\">\n\t\t\t<p>Thomas Crucifix de Nandrin et Olivier Collette de Neupr\u00e9 cartonnent avec Bandi, une table et un banc design 100% made in Belgium. <\/p>\n\t\t<\/div>\n\t\t\n\t\t<a class=\"elementor-post__read-more\" href=\"https:\/\/bandi.design\/nl\/condroz-bandi-le-mobilier-design-100-belge\/\" aria-label=\"Lees meer over Condroz: Bandi, le mobilier design 100% belge\" tabindex=\"-1\" >\n\t\t\tLees meer \u00bb\t\t<\/a>\n\n\t\t\t\t<\/div>\n\t\t\t\t<div class=\"elementor-post__meta-data\">\n\t\t\t\t\t<span class=\"elementor-post-date\">\n\t\t\tjuni 29, 2022\t\t<\/span>\n\t\t\t\t<\/div>\n\t\t\t\t\t<\/div>\n\t\t<\/article>\n\t\t\t\t<article class=\"elementor-post elementor-grid-item post-10225 post type-post status-publish format-standard has-post-thumbnail hentry category-waw-nl\" role=\"listitem\">\n\t\t\t<div class=\"elementor-post__card\">\n\t\t\t\t<a class=\"elementor-post__thumbnail__link\" href=\"https:\/\/bandi.design\/nl\/casser-les-codes-et-creer-des-pieces-de-mobilier-100-wallonnes\/\" tabindex=\"-1\" ><div class=\"elementor-post__thumbnail\"><img loading=\"lazy\" decoding=\"async\" width=\"768\" height=\"510\" src=\"https:\/\/bandi.design\/wp-content\/uploads\/2018\/12\/prod_6-768x510.jpg\" class=\"attachment-medium_large size-medium_large wp-image-8070 wvs-archive-product-image\" alt=\"\" srcset=\"https:\/\/bandi.design\/wp-content\/uploads\/2018\/12\/prod_6-768x510.jpg 768w, https:\/\/bandi.design\/wp-content\/uploads\/2018\/12\/prod_6-600x398.jpg 600w, https:\/\/bandi.design\/wp-content\/uploads\/2018\/12\/prod_6-300x199.jpg 300w, https:\/\/bandi.design\/wp-content\/uploads\/2018\/12\/prod_6-1024x680.jpg 1024w, https:\/\/bandi.design\/wp-content\/uploads\/2018\/12\/prod_6.jpg 1181w\" sizes=\"(max-width: 768px) 100vw, 768px\" \/><\/div><\/a>\n\t\t\t\t<div class=\"elementor-post__badge\">Waw<\/div>\n\t\t\t\t<div class=\"elementor-post__text\">\n\t\t\t\t<h3 class=\"elementor-post__title\">\n\t\t\t<a href=\"https:\/\/bandi.design\/nl\/casser-les-codes-et-creer-des-pieces-de-mobilier-100-wallonnes\/\" >\n\t\t\t\tCasser les codes et cr\u00e9er des pi\u00e8ces de mobilier 100% wallonnes\t\t\t<\/a>\n\t\t<\/h3>\n\t\t\t\t<div class=\"elementor-post__excerpt\">\n\t\t\t<p>Une cinquantaine d&#8217;ensembles (table et bancs) ont ainsi \u00e9t\u00e9 vendus en 2017 et, cette ann\u00e9e, la production devrait doubler.<\/p>\n\t\t<\/div>\n\t\t\n\t\t<a class=\"elementor-post__read-more\" href=\"https:\/\/bandi.design\/nl\/casser-les-codes-et-creer-des-pieces-de-mobilier-100-wallonnes\/\" aria-label=\"Lees meer over Casser les codes et cr\u00e9er des pi\u00e8ces de mobilier 100% wallonnes\" tabindex=\"-1\" >\n\t\t\tLees meer \u00bb\t\t<\/a>\n\n\t\t\t\t<\/div>\n\t\t\t\t<div class=\"elementor-post__meta-data\">\n\t\t\t\t\t<span class=\"elementor-post-date\">\n\t\t\tjuni 29, 2022\t\t<\/span>\n\t\t\t\t<\/div>\n\t\t\t\t\t<\/div>\n\t\t<\/article>\n\t\t\t\t<article class=\"elementor-post elementor-grid-item post-10223 post type-post status-publish format-standard has-post-thumbnail hentry category-be-perfect\" role=\"listitem\">\n\t\t\t<div class=\"elementor-post__card\">\n\t\t\t\t<a class=\"elementor-post__thumbnail__link\" href=\"https:\/\/bandi.design\/nl\/qui-sont-ces-bandi-dont-tout-le-monde-parle\/\" tabindex=\"-1\" ><div class=\"elementor-post__thumbnail\"><img loading=\"lazy\" decoding=\"async\" width=\"768\" height=\"460\" src=\"https:\/\/bandi.design\/wp-content\/uploads\/2018\/07\/Article-Be-Perfect-Fond-768x460.png\" class=\"attachment-medium_large size-medium_large wp-image-8356 wvs-archive-product-image\" alt=\"\" srcset=\"https:\/\/bandi.design\/wp-content\/uploads\/2018\/07\/Article-Be-Perfect-Fond-768x460.png 768w, https:\/\/bandi.design\/wp-content\/uploads\/2018\/07\/Article-Be-Perfect-Fond-600x359.png 600w, https:\/\/bandi.design\/wp-content\/uploads\/2018\/07\/Article-Be-Perfect-Fond-300x180.png 300w, https:\/\/bandi.design\/wp-content\/uploads\/2018\/07\/Article-Be-Perfect-Fond-1024x613.png 1024w, https:\/\/bandi.design\/wp-content\/uploads\/2018\/07\/Article-Be-Perfect-Fond.png 1199w\" sizes=\"(max-width: 768px) 100vw, 768px\" \/><\/div><\/a>\n\t\t\t\t<div class=\"elementor-post__badge\">Be Perfect<\/div>\n\t\t\t\t<div class=\"elementor-post__text\">\n\t\t\t\t<h3 class=\"elementor-post__title\">\n\t\t\t<a href=\"https:\/\/bandi.design\/nl\/qui-sont-ces-bandi-dont-tout-le-monde-parle\/\" >\n\t\t\t\tQui sont ces BANDI dont tout le monde parle\t\t\t<\/a>\n\t\t<\/h3>\n\t\t\t\t<div class=\"elementor-post__excerpt\">\n\t\t\t<p>Made in Wallonie, une table et un banc en aluminium con\u00e7us pour une utilisation en ext\u00e9rieur et en int\u00e9rieur. Et si la perfection naissait de la frustration ?<\/p>\n\t\t<\/div>\n\t\t\n\t\t<a class=\"elementor-post__read-more\" href=\"https:\/\/bandi.design\/nl\/qui-sont-ces-bandi-dont-tout-le-monde-parle\/\" aria-label=\"Lees meer over Qui sont ces BANDI dont tout le monde parle\" tabindex=\"-1\" >\n\t\t\tLees meer \u00bb\t\t<\/a>\n\n\t\t\t\t<\/div>\n\t\t\t\t<div class=\"elementor-post__meta-data\">\n\t\t\t\t\t<span class=\"elementor-post-date\">\n\t\t\tjuni 29, 2022\t\t<\/span>\n\t\t\t\t<\/div>\n\t\t\t\t\t<\/div>\n\t\t<\/article>\n\t\t\t\t<\/div>\n\t\t\n\t\t\t\t<div class=\"e-load-more-anchor\" data-page=\"1\" data-max-page=\"2\" data-next-page=\"https:\/\/bandi.design\/nl\/wp-json\/wp\/v2\/pages\/9796\/page\/2\/\"><\/div>\n\t\t\t\t<nav class=\"elementor-pagination\" aria-label=\"Paginering\">\n\t\t\t<span class=\"page-numbers prev\">\u00ab Vorige<\/span>\n<span aria-current=\"page\" class=\"page-numbers current\"><span class=\"elementor-screen-only\">Pagina<\/span>1<\/span>\n<a class=\"page-numbers\" href=\"https:\/\/bandi.design\/nl\/wp-json\/wp\/v2\/pages\/9796\/page\/2\/\"><span class=\"elementor-screen-only\">Pagina<\/span>2<\/a>\n<a class=\"page-numbers next\" href=\"https:\/\/bandi.design\/nl\/wp-json\/wp\/v2\/pages\/9796\/page\/2\/\">Volgende \u00bb<\/a>\t\t<\/nav>\n\t\t\t\t\t\t<\/div>\n\t\t\t\t<\/div>\n\t\t\t\t<\/div>\n\t\t\t\t\t<\/div>\n\t\t\t\t<\/div>\n\t\t\t\t<\/div>\n\t\t","protected":false},"excerpt":{"rendered":"<p>Pers<\/p>\n","protected":false},"author":1,"featured_media":0,"parent":9794,"menu_order":0,"comment_status":"closed","ping_status":"closed","template":"","meta":{"_acf_changed":false,"_seopress_robots_primary_cat":"","_seopress_titles_title":"","_seopress_titles_desc":"","_seopress_robots_index":"","footnotes":""},"class_list":["post-9796","page","type-page","status-publish","hentry"],"acf":[],"_links":{"self":[{"href":"https:\/\/bandi.design\/nl\/wp-json\/wp\/v2\/pages\/9796","targetHints":{"allow":["GET"]}}],"collection":[{"href":"https:\/\/bandi.design\/nl\/wp-json\/wp\/v2\/pages"}],"about":[{"href":"https:\/\/bandi.design\/nl\/wp-json\/wp\/v2\/types\/page"}],"author":[{"embeddable":true,"href":"https:\/\/bandi.design\/nl\/wp-json\/wp\/v2\/users\/1"}],"replies":[{"embeddable":true,"href":"https:\/\/bandi.design\/nl\/wp-json\/wp\/v2\/comments?post=9796"}],"version-history":[{"count":1,"href":"https:\/\/bandi.design\/nl\/wp-json\/wp\/v2\/pages\/9796\/revisions"}],"predecessor-version":[{"id":28842,"href":"https:\/\/bandi.design\/nl\/wp-json\/wp\/v2\/pages\/9796\/revisions\/28842"}],"up":[{"embeddable":true,"href":"https:\/\/bandi.design\/nl\/wp-json\/wp\/v2\/pages\/9794"}],"wp:attachment":[{"href":"https:\/\/bandi.design\/nl\/wp-json\/wp\/v2\/media?parent=9796"}],"curies":[{"name":"wp","href":"https:\/\/api.w.org\/{rel}","templated":true}]}}